{"id":1246351,"date":"2022-04-28T16:06:29","date_gmt":"2022-04-28T14:06:29","guid":{"rendered":"http:\/\/medicalis.igs-preprod.ch\/?page_id=1246351"},"modified":"2023-02-28T14:05:43","modified_gmt":"2023-02-28T13:05:43","slug":"gesamtarbeitsvertrag","status":"publish","type":"page","link":"https:\/\/www.medicalis.ch\/de\/gesamtarbeitsvertrag\/","title":{"rendered":"Gesamtarbeitsvertrag"},"content":{"rendered":"<div><ss3-force-full-width data-overflow-x=\"body\" data-horizontal-selector=\"\"><div class=\"n2-section-smartslider fitvidsignore \" data-ssid=\"46\" tabindex=\"0\" role=\"region\" aria-label=\"Diaporama\"><div id=\"n2-ss-46-align\" class=\"n2-ss-align\"><div class=\"n2-padding\"><div id=\"n2-ss-46\" data-creator=\"Smart Slider 3\" data-responsive=\"fullwidth\" class=\"n2-ss-slider n2-ow n2-has-hover n2notransition  \">\n\n\n\n\n\n\n\n\n\n<div class=\"n2-ss-slider-wrapper-inside\">\n        <div class=\"n2-ss-slider-1 n2_ss__touch_element n2-ow\">\n            <div class=\"n2-ss-slider-2 n2-ow\">\n                                                <div class=\"n2-ss-slider-3 n2-ow\">\n\n                    <div class=\"n2-ss-slide-backgrounds n2-ow-all\"><div class=\"n2-ss-slide-background\" data-public-id=\"1\" data-mode=\"fill\"><div class=\"n2-ss-slide-background-image\" data-blur=\"0\" data-opacity=\"100\" data-x=\"50\" data-y=\"15\" data-alt=\"\" data-title=\"\" style=\"--ss-o-pos-y:15%\"><picture class=\"skip-lazy\" data-skip-lazy=\"1\"><img decoding=\"async\" src=\"\/\/www.medicalis.ch\/wp-content\/uploads\/slider46\/istock-637990510_super-web2.jpg\" alt=\"\" title=\"\" loading=\"lazy\" class=\"skip-lazy\" data-skip-lazy=\"1\"><\/picture><\/div><div data-color=\"RGBA(255,255,255,0)\" style=\"background-color: RGBA(255,255,255,0);\" class=\"n2-ss-slide-background-color\"><\/div><\/div><div class=\"n2-ss-slide-background\" data-public-id=\"2\" data-mode=\"fill\"><div class=\"n2-ss-slide-background-image\" data-blur=\"0\" data-opacity=\"100\" data-x=\"50\" data-y=\"25\" data-alt=\"\" data-title=\"\" style=\"--ss-o-pos-y:25%\"><picture class=\"skip-lazy\" data-skip-lazy=\"1\"><img decoding=\"async\" src=\"\/\/www.medicalis.ch\/wp-content\/uploads\/slider46\/istock-693151244_high-web2.jpg\" alt=\"\" title=\"\" loading=\"lazy\" class=\"skip-lazy\" data-skip-lazy=\"1\"><\/picture><\/div><div data-color=\"RGBA(255,255,255,0)\" style=\"background-color: RGBA(255,255,255,0);\" class=\"n2-ss-slide-background-color\"><\/div><\/div><div class=\"n2-ss-slide-background\" data-public-id=\"3\" data-mode=\"fill\"><div class=\"n2-ss-slide-background-image\" data-blur=\"0\" data-opacity=\"100\" data-x=\"50\" data-y=\"40\" data-alt=\"\" data-title=\"\" style=\"--ss-o-pos-y:40%\"><picture class=\"skip-lazy\" data-skip-lazy=\"1\"><img decoding=\"async\" src=\"\/\/www.medicalis.ch\/wp-content\/uploads\/slider46\/istock-522137742_super2.jpg\" alt=\"\" title=\"\" loading=\"lazy\" class=\"skip-lazy\" data-skip-lazy=\"1\"><\/picture><\/div><div data-color=\"RGBA(255,255,255,0)\" style=\"background-color: RGBA(255,255,255,0);\" class=\"n2-ss-slide-background-color\"><\/div><\/div><div class=\"n2-ss-slide-background\" data-public-id=\"4\" data-mode=\"fill\"><div class=\"n2-ss-slide-background-image\" data-blur=\"0\" data-opacity=\"100\" data-x=\"50\" data-y=\"40\" data-alt=\"\" data-title=\"\" style=\"--ss-o-pos-y:40%\"><picture class=\"skip-lazy\" data-skip-lazy=\"1\"><img decoding=\"async\" src=\"\/\/www.medicalis.ch\/wp-content\/uploads\/slider46\/istock-639359406_super-web2.jpg\" alt=\"\" title=\"\" loading=\"lazy\" class=\"skip-lazy\" data-skip-lazy=\"1\"><\/picture><\/div><div data-color=\"RGBA(255,255,255,0)\" style=\"background-color: RGBA(255,255,255,0);\" class=\"n2-ss-slide-background-color\"><\/div><\/div><\/div>                    <div class=\"n2-ss-slider-4 n2-ow\">\n                        <svg xmlns=\"http:\/\/www.w3.org\/2000\/svg\" viewBox=\"0 0 1200 850\" data-related-device=\"desktopPortrait\" class=\"n2-ow n2-ss-preserve-size n2-ss-preserve-size--slider n2-ss-slide-limiter\"><\/svg><div data-first=\"1\" data-slide-duration=\"0\" data-id=\"86\" data-slide-public-id=\"1\" data-title=\"Gesamtarbeitsvertrag\" class=\"n2-ss-slide n2-ow  n2-ss-slide-86\"><div role=\"note\" class=\"n2-ss-slide--focus\" tabindex=\"-1\">Gesamtarbeitsvertrag<\/div><div class=\"n2-ss-layers-container n2-ss-slide-limiter n2-ow\"><div class=\"n2-ss-layer n2-ow n-uc-G7uxvrLiXOjM\" data-sstype=\"slide\" data-pm=\"default\"><div class=\"n2-ss-layer n2-ow n-uc-ukWeuAbgTEgV n2-ss-layer--need-height\" data-pm=\"absolute\" data-responsiveposition=\"1\" data-desktopportraitleft=\"0\" data-mobileportraitleft=\"0\" data-desktopportraittop=\"0\" data-mobileportraittop=\"0\" data-responsivesize=\"1\" data-desktopportraitwidth=\"150\" data-mobileportraitwidth=\"100%\" data-desktopportraitheight=\"150\" data-mobileportraitheight=\"100%\" data-desktopportraitalign=\"center\" data-mobileportraitalign=\"left\" data-desktopportraitvalign=\"middle\" data-mobileportraitvalign=\"top\" data-parentid=\"\" data-desktopportraitparentalign=\"center\" data-desktopportraitparentvalign=\"middle\" data-hidedesktopportrait=\"1\" data-hidetabletportrait=\"1\" data-sstype=\"layer\"><div class=\"n2-ss-item-content n2-ow\" style=\"background-color: #000000;background-color: RGBA(0,0,0,0.24);height:100%;\"><\/div><\/div><div class=\"n2-ss-layer n2-ow n-uc-eZxLE1auYvH2\" data-pm=\"default\" data-sstype=\"content\" data-hasbackground=\"0\"><div class=\"n2-ss-section-main-content n2-ss-layer-with-background n2-ss-layer-content n2-ow n-uc-eZxLE1auYvH2-inner\"><div class=\"n2-ss-layer n2-ow n2-ss-layer--block n2-ss-has-self-align n-uc-MAKJxijQM4md\" data-pm=\"normal\" data-sstype=\"row\"><div class=\"n2-ss-layer-row n2-ss-layer-with-background n-uc-MAKJxijQM4md-inner\"><div class=\"n2-ss-layer-row-inner \"><div class=\"n2-ss-layer n2-ow n-uc-J4W5HOIfFToc\" data-pm=\"default\" data-sstype=\"col\"><div class=\"n2-ss-layer-col n2-ss-layer-with-background n2-ss-layer-content n-uc-J4W5HOIfFToc-inner\"><div class=\"n2-ss-layer n2-ow n-uc-69czY7akMONN\" data-pm=\"normal\" data-sstype=\"layer\"><h1 id=\"n2-ss-46item2\" class=\"n2-font-348af122267adda7b856ff32beb55b14-hover   n2-ss-item-content n2-ss-text n2-ow\" style=\"display:block;\">Gesamtarbeitsvertrag<\/h1><\/div><div class=\"n2-ss-layer n2-ow n-uc-cMaNMU1tpG2Q\" data-pm=\"normal\" data-sstype=\"layer\"><\/div><div class=\"n2-ss-layer n2-ow n-uc-c4qvaaAH9lLX\" data-pm=\"normal\" data-sstype=\"layer\"><div class=\"n2-ss-item-content n2-ss-text n2-ow-all\"><div class=\"\"><p class=\"n2-font-7b981e57afab2cde2a01b0725797f99b-paragraph   \">Am 1. Januar 2012 hat der Schweizer Bundesrat einen neuen Gesamtarbeitsvertrag f\u00fcr den Personalverleih verabschiedet. Ziel dieses Vertrags ist die Festlegung von Mindestl\u00f6hnen und Sozialleistungen f\u00fcr Tempor\u00e4rangestellte in der Schweiz.<\/p>\n<\/div><\/div><\/div><\/div><\/div><\/div><\/div><\/div><\/div><\/div><\/div><\/div><img decoding=\"async\" loading=\"lazy\" class=\"n2-ss-slide-thumbnail skip-lazy\" data-skip-lazy=\"1\" src=\"\/\/www.medicalis.ch\/wp-content\/uploads\/slider46\/istock-637990510_super-web2.jpg\" alt=\"Gesamtarbeitsvertrag\"><\/div><div data-slide-duration=\"0\" data-id=\"87\" data-slide-public-id=\"2\" data-title=\"Mindestlohn\" class=\"n2-ss-slide n2-ow  n2-ss-slide-87\"><div role=\"note\" class=\"n2-ss-slide--focus\" tabindex=\"-1\">Mindestlohn<\/div><div class=\"n2-ss-layers-container n2-ss-slide-limiter n2-ow\"><div class=\"n2-ss-layer n2-ow n-uc-hz2c2Tjhihdr\" data-sstype=\"slide\" data-pm=\"default\"><div class=\"n2-ss-layer n2-ow 77 n-uc-RJHFBGoLsYH5 n2-ss-layer--need-height\" data-pm=\"absolute\" data-responsiveposition=\"1\" data-desktopportraitleft=\"0\" data-mobileportraitleft=\"0\" data-desktopportraittop=\"0\" data-mobileportraittop=\"0\" data-responsivesize=\"1\" data-desktopportraitwidth=\"auto\" data-mobileportraitwidth=\"100%\" data-desktopportraitheight=\"150\" data-mobileportraitheight=\"100%\" data-desktopportraitalign=\"center\" data-mobileportraitalign=\"left\" data-desktopportraitvalign=\"middle\" data-mobileportraitvalign=\"top\" data-parentid=\"\" data-desktopportraitparentalign=\"center\" data-desktopportraitparentvalign=\"middle\" data-hidedesktopportrait=\"1\" data-hidetabletportrait=\"1\" data-sstype=\"layer\"><div class=\"n2-ss-item-content n2-ow\" style=\"background-color: #000000;background-color: RGBA(0,0,0,0.56);height:100%;\"><\/div><\/div><div class=\"n2-ss-layer n2-ow n-uc-4G96cJnzPIiH\" data-pm=\"default\" data-sstype=\"content\" data-hasbackground=\"0\"><div class=\"n2-ss-section-main-content n2-ss-layer-with-background n2-ss-layer-content n2-ow n-uc-4G96cJnzPIiH-inner\"><div class=\"n2-ss-layer n2-ow n2-ss-layer--block n2-ss-has-self-align n-uc-7uDnxEw5U3IC\" data-pm=\"normal\" data-sstype=\"row\"><div class=\"n2-ss-layer-row n2-ss-layer-with-background n-uc-7uDnxEw5U3IC-inner\"><div class=\"n2-ss-layer-row-inner \"><div class=\"n2-ss-layer n2-ow n-uc-V22ubAt54HCK\" data-pm=\"default\" data-sstype=\"col\"><div class=\"n2-ss-layer-col n2-ss-layer-with-background n2-ss-layer-content n-uc-V22ubAt54HCK-inner\"><div class=\"n2-ss-layer n2-ow n-uc-rdoy7956359I\" data-pm=\"normal\" data-sstype=\"layer\"><h2 id=\"n2-ss-46item6\" class=\"n2-font-348af122267adda7b856ff32beb55b14-hover   n2-ss-item-content n2-ss-text n2-ow\" style=\"display:block;\">Mindestlohn<\/h2><\/div><div class=\"n2-ss-layer n2-ow n-uc-RQixRb0siQII\" data-pm=\"normal\" data-sstype=\"layer\"><\/div><div class=\"n2-ss-layer n2-ow n-uc-Vi0eYQNUa67S\" data-pm=\"normal\" data-sstype=\"layer\"><div class=\"n2-ss-item-content n2-ss-text n2-ow-all\"><div class=\"\"><p class=\"n2-font-7b981e57afab2cde2a01b0725797f99b-paragraph   \">Wenn der Einsatz unter einen anderen Gesamtarbeitsvertrag f\u00e4llt, gelten die Mindests\u00e4tze dieses anderen Vertrags. F\u00fcr alle anderen Eins\u00e4tze h\u00e4ngt der Mindestlohn vom Ausbildungsniveau sowie dem Aus\u00fcbungsort des Einsatzes ab. Die Verpflichtungen hinsichtlich der Mindestl\u00f6hne gelten nicht f\u00fcr Einsatzbetriebe, die in den folgenden Branchen aktiv sind: Chemie und Pharmazie, Maschinenbau, Grafik, Uhrmacherei, Lebensmittel und Genussmittel, \u00f6ffentliche Verkehrsbetriebe.<\/p>\n<\/div><\/div><\/div><\/div><\/div><\/div><\/div><\/div><\/div><\/div><\/div><\/div><img decoding=\"async\" loading=\"lazy\" class=\"n2-ss-slide-thumbnail skip-lazy\" data-skip-lazy=\"1\" src=\"\/\/www.medicalis.ch\/wp-content\/uploads\/slider46\/istock-693151244_high-web2.jpg\" alt=\"Mindestlohn\"><\/div><div data-slide-duration=\"0\" data-id=\"88\" data-slide-public-id=\"3\" data-title=\"Arbeitszeiten, Urlaub und Feiertage\" class=\"n2-ss-slide n2-ow  n2-ss-slide-88\"><div role=\"note\" class=\"n2-ss-slide--focus\" tabindex=\"-1\">Arbeitszeiten, Urlaub und Feiertage<\/div><div class=\"n2-ss-layers-container n2-ss-slide-limiter n2-ow\"><div class=\"n2-ss-layer n2-ow n-uc-O44hQz2LSMdd\" data-sstype=\"slide\" data-pm=\"default\"><div class=\"n2-ss-layer n2-ow n-uc-8DKjITco3GGt\" data-pm=\"default\" data-sstype=\"content\" data-hasbackground=\"0\"><div class=\"n2-ss-section-main-content n2-ss-layer-with-background n2-ss-layer-content n2-ow n-uc-8DKjITco3GGt-inner\"><div class=\"n2-ss-layer n2-ow n2-ss-layer--block n2-ss-has-self-align n-uc-uKv20OI3YxWn\" data-pm=\"normal\" data-sstype=\"row\"><div class=\"n2-ss-layer-row n2-ss-layer-with-background n-uc-uKv20OI3YxWn-inner\"><div class=\"n2-ss-layer-row-inner \"><div class=\"n2-ss-layer n2-ow n-uc-jzzdlYnlCvvI\" data-pm=\"default\" data-sstype=\"col\"><div class=\"n2-ss-layer-col n2-ss-layer-with-background n2-ss-layer-content n-uc-jzzdlYnlCvvI-inner\"><div class=\"n2-ss-layer n2-ow n-uc-wYuAAF8S0XEp\" data-pm=\"normal\" data-sstype=\"layer\"><h2 id=\"n2-ss-46item9\" class=\"n2-font-348af122267adda7b856ff32beb55b14-hover   n2-ss-item-content n2-ss-text n2-ow\" style=\"display:block;\">Arbeitszeiten, Urlaub und Feiertage<\/h2><\/div><div class=\"n2-ss-layer n2-ow n-uc-fWgdyF9bzJhG\" data-pm=\"normal\" data-sstype=\"layer\"><\/div><div class=\"n2-ss-layer n2-ow n-uc-bg7iHckakB8m\" data-pm=\"normal\" data-sstype=\"layer\"><div class=\"n2-ss-item-content n2-ss-text n2-ow-all\"><div class=\"\"><p class=\"n2-font-7b981e57afab2cde2a01b0725797f99b-paragraph   \">Wenn der Einsatz unter einen anderen Gesamtarbeitsvertrag f\u00e4llt, gelten die Vorgaben dieses anderen Vertrags. Alle anderen Eins\u00e4tze: Arbeitszeit: 42 Std.\/Woche (Entlohnung f\u00fcr 43. bis 45. Std. 100 %, 46. bis 50. Std. 125 % und 150 % an Sonntagen). Urlaub 8,33 % (20\u201350 Jahre) oder 10,6 % (unter 20 und ab 50 Jahre). Feiertage: keine Entsch\u00e4digung w\u00e4hrend der ersten 13 Wochen, dann 3,2 %.<\/p>\n<\/div><\/div><\/div><\/div><\/div><\/div><\/div><\/div><\/div><\/div><\/div><\/div><img decoding=\"async\" loading=\"lazy\" class=\"n2-ss-slide-thumbnail skip-lazy\" data-skip-lazy=\"1\" src=\"\/\/www.medicalis.ch\/wp-content\/uploads\/slider46\/istock-522137742_super2.jpg\" alt=\"Arbeitszeiten, Urlaub und Feiertage\"><\/div><div data-slide-duration=\"0\" data-id=\"89\" data-slide-public-id=\"4\" data-title=\"Weiterbildung\" class=\"n2-ss-slide n2-ow  n2-ss-slide-89\"><div role=\"note\" class=\"n2-ss-slide--focus\" tabindex=\"-1\">Weiterbildung<\/div><div class=\"n2-ss-layers-container n2-ss-slide-limiter n2-ow\"><div class=\"n2-ss-layer n2-ow n-uc-lQiOAOqUWuV0\" data-sstype=\"slide\" data-pm=\"default\"><div class=\"n2-ss-layer n2-ow n-uc-QkBf2Rn9BR7v\" data-pm=\"default\" data-sstype=\"content\" data-hasbackground=\"0\"><div class=\"n2-ss-section-main-content n2-ss-layer-with-background n2-ss-layer-content n2-ow n-uc-QkBf2Rn9BR7v-inner\"><div class=\"n2-ss-layer n2-ow n2-ss-layer--block n2-ss-has-self-align n-uc-OA4mhodjAi4h\" data-pm=\"normal\" data-sstype=\"row\"><div class=\"n2-ss-layer-row n2-ss-layer-with-background n-uc-OA4mhodjAi4h-inner\"><div class=\"n2-ss-layer-row-inner \"><div class=\"n2-ss-layer n2-ow n-uc-HYTBbi6F5zTe\" data-pm=\"default\" data-sstype=\"col\"><div class=\"n2-ss-layer-col n2-ss-layer-with-background n2-ss-layer-content n-uc-HYTBbi6F5zTe-inner\"><div class=\"n2-ss-layer n2-ow n-uc-84FMUkBXqktZ\" data-pm=\"normal\" data-sstype=\"layer\"><h2 id=\"n2-ss-46item12\" class=\"n2-font-348af122267adda7b856ff32beb55b14-hover   n2-ss-item-content n2-ss-text n2-ow\" style=\"display:block;\">Weiterbildung<\/h2><\/div><div class=\"n2-ss-layer n2-ow n-uc-EnheFGXIaVZU\" data-pm=\"normal\" data-sstype=\"layer\"><\/div><div class=\"n2-ss-layer n2-ow n-uc-htrnsrsR8LgN\" data-pm=\"normal\" data-sstype=\"layer\"><div class=\"n2-ss-item-content n2-ss-text n2-ow-all\"><div class=\"\"><p class=\"n2-font-7b981e57afab2cde2a01b0725797f99b-paragraph   \">Es werden 0,7 % des Gehalts des Tempor\u00e4rmitarbeiters f\u00fcr dessen berufliche Weiterbildung einbehalten. Um Anrecht auf berufliche Weiterbildung zu haben, m\u00fcssen folgende Bedingungen erf\u00fcllt werden: Sie haben in einem Zeitraum von 12 Monaten mindestens 352 \/ 528 \/ 704 Stunden tempor\u00e4r gearbeitet. Der ausgew\u00e4hlte Kurs findet an einem Bildungsinstitut statt, das im Bildungsverzeichnis von temptraining aufgef\u00fchrt ist. Zus\u00e4tzliche Informationen erhalten Sie von tempservice. Beitr\u00e4ge 2. S\u00e4ule (BVG): Obligatorisch f\u00fcr alle Personen mit unterhaltsberechtigten Kindern. Weitere Informationen? Zus\u00e4tzliche Informationen zu all diesen Punkten finden Sie auf der Website von tempservice.<\/p>\n<\/div><\/div><\/div><\/div><\/div><\/div><\/div><\/div><\/div><\/div><\/div><\/div><img decoding=\"async\" loading=\"lazy\" class=\"n2-ss-slide-thumbnail skip-lazy\" data-skip-lazy=\"1\" src=\"\/\/www.medicalis.ch\/wp-content\/uploads\/slider46\/istock-639359406_super-web2.jpg\" alt=\"Weiterbildung\"><\/div>                    <\/div>\n\n                                    <\/div>\n            <\/div>\n        <\/div>\n        <div class=\"n2-ss-slider-controls n2-ss-slider-controls-absolute-right-center\"><div style=\"--widget-offset:5px;\" class=\"n2-ss-widget n2-ss-control-bullet n2-ow-all n2-ss-control-bullet-vertical\" data-hide-mobilelandscape=\"1\" data-hide-mobileportrait=\"1\"><div class=\" nextend-bullet-bar n2-bar-justify-content-right\" role=\"group\" aria-label=\"Choose slide to display.\"><div class=\"n2-bullet n2-style-930f90988dde3f786a386188f7983ab0-dot n2-font-6f00b2620d327f05367ebae7cf6d93f0-dot \" style=\"visibility:hidden;\">&nbsp;<\/div><\/div><\/div><\/div><div class=\"n2-ss-slider-controls n2-ss-slider-controls-absolute-center-bottom\"><div style=\"--widget-offset:15px;\" class=\"n2-ss-widget nextend-arrow n2-ow-all nextend-arrow-next  nextend-arrow-animated-fade\" id=\"n2-ss-46-arrow-next\" role=\"button\" aria-label=\"next arrow\" tabindex=\"0\"><img loading=\"lazy\" decoding=\"async\" width=\"32\" height=\"32\" class=\"skip-lazy\" data-skip-lazy=\"1\" src=\"data:image\/svg+xml;base64,PHN2ZyB3aWR0aD0iMzIiIGhlaWdodD0iMzIiIHZpZXdCb3g9IjAgMCAzMiAzMiIgeG1sbnM9Imh0dHA6Ly93d3cudzMub3JnLzIwMDAvc3ZnIj4KICAgIDxwYXRoIGQ9Ik0yNy43IDkuMjkzYy0uMzkzLS4zOS0xLjAzLS4zOS0xLjQyIDBsLTEwLjI4NCAxMS4yOUw1LjcxNCA5LjI5M2MtLjM5Mi0uMzktMS4wMjgtLjM5LTEuNDIgMC0uMzkyLjQtLjM5MiAxLjA0IDAgMS40M2wxMC45NDMgMTIuMDFjLjIxLjIxLjQ4Ni4zLjc2LjI4LjI3My4wMi41NS0uMDcuNzYtLjI4TDI3LjcgMTAuNzIzYy4zOS0uMzkuMzktMS4wMyAwLTEuNDMiCiAgICAgICAgICBmaWxsPSIjZmZmZmZmIiBvcGFjaXR5PSIwLjgiIGZpbGwtcnVsZT0iZXZlbm9kZCIvPgo8L3N2Zz4=\" alt=\"next arrow\"><\/div><\/div><\/div><\/div><ss3-loader><\/ss3-loader><\/div><\/div><div class=\"n2_clear\"><\/div><\/div><\/ss3-force-full-width><\/div>","protected":false},"excerpt":{"rendered":"<p> [&#8230;]<\/p>\n<p><a class=\"btn btn-secondary understrap-read-more-link\" href=\"https:\/\/www.medicalis.ch\/de\/gesamtarbeitsvertrag\/\">Weiterlesen&#8230;<span class=\"screen-reader-text\"> from Gesamtarbeitsvertrag<\/span><\/a><\/p>\n","protected":false},"author":1,"featured_media":0,"parent":0,"menu_order":0,"comment_status":"closed","ping_status":"closed","template":"","meta":{"_monsterinsights_skip_tracking":false,"_monsterinsights_sitenote_active":false,"_monsterinsights_sitenote_note":"","_monsterinsights_sitenote_category":0,"footnotes":""},"class_list":["post-1246351","page","type-page","status-publish","hentry"],"yoast_head":"<!-- This site is optimized with the Yoast SEO plugin v26.9 - https:\/\/yoast.com\/product\/yoast-seo-wordpress\/ -->\n<title>Gesamtarbeitsvertrag - Medicalis<\/title>\n<meta name=\"robots\" content=\"index, follow, max-snippet:-1, max-image-preview:large, max-video-preview:-1\" \/>\n<link rel=\"canonical\" href=\"https:\/\/www.interima.ch\/de\/gesamtarbeitsvertrag\/\" \/>\n<meta property=\"og:locale\" content=\"de_DE\" \/>\n<meta property=\"og:type\" content=\"article\" \/>\n<meta property=\"og:title\" content=\"Gesamtarbeitsvertrag - Medicalis\" \/>\n<meta property=\"og:description\" content=\"[...]Weiterlesen... from Gesamtarbeitsvertrag\" \/>\n<meta property=\"og:url\" content=\"https:\/\/www.interima.ch\/de\/gesamtarbeitsvertrag\/\" \/>\n<meta property=\"og:site_name\" content=\"Medicalis\" \/>\n<meta property=\"article:publisher\" content=\"https:\/\/www.facebook.com\/Medicalis-1737325559702106\/\" \/>\n<meta property=\"article:modified_time\" content=\"2023-02-28T13:05:43+00:00\" \/>\n<meta property=\"og:image\" content=\"https:\/\/www.medicalis.ch\/wp-content\/uploads\/2022\/06\/MEDICALIS_Logo_CMJN.jpg\" \/>\n\t<meta property=\"og:image:width\" content=\"520\" \/>\n\t<meta property=\"og:image:height\" content=\"270\" \/>\n\t<meta property=\"og:image:type\" content=\"image\/jpeg\" \/>\n<meta name=\"twitter:card\" content=\"summary_large_image\" \/>\n<meta name=\"twitter:label1\" content=\"Gesch\u00e4tzte Lesezeit\" \/>\n\t<meta name=\"twitter:data1\" content=\"1\u00a0Minute\" \/>\n<script type=\"application\/ld+json\" class=\"yoast-schema-graph\">{\"@context\":\"https:\/\/schema.org\",\"@graph\":[{\"@type\":\"WebPage\",\"@id\":\"https:\/\/www.medicalis.ch\/de\/gesamtarbeitsvertrag\/\",\"url\":\"https:\/\/www.interima.ch\/de\/gesamtarbeitsvertrag\/\",\"name\":\"Gesamtarbeitsvertrag - Medicalis\",\"isPartOf\":{\"@id\":\"https:\/\/www.medicalis.ch\/de\/#website\"},\"datePublished\":\"2022-04-28T14:06:29+00:00\",\"dateModified\":\"2023-02-28T13:05:43+00:00\",\"breadcrumb\":{\"@id\":\"https:\/\/www.interima.ch\/de\/gesamtarbeitsvertrag\/#breadcrumb\"},\"inLanguage\":\"de\",\"potentialAction\":[{\"@type\":\"ReadAction\",\"target\":[\"https:\/\/www.interima.ch\/de\/gesamtarbeitsvertrag\/\"]}]},{\"@type\":\"BreadcrumbList\",\"@id\":\"https:\/\/www.interima.ch\/de\/gesamtarbeitsvertrag\/#breadcrumb\",\"itemListElement\":[{\"@type\":\"ListItem\",\"position\":1,\"name\":\"Accueil\",\"item\":\"https:\/\/www.medicalis.ch\/de\/\"},{\"@type\":\"ListItem\",\"position\":2,\"name\":\"Gesamtarbeitsvertrag\"}]},{\"@type\":\"WebSite\",\"@id\":\"https:\/\/www.medicalis.ch\/de\/#website\",\"url\":\"https:\/\/www.medicalis.ch\/de\/\",\"name\":\"Medicalis\",\"description\":\"\",\"publisher\":{\"@id\":\"https:\/\/www.medicalis.ch\/de\/#organization\"},\"potentialAction\":[{\"@type\":\"SearchAction\",\"target\":{\"@type\":\"EntryPoint\",\"urlTemplate\":\"https:\/\/www.medicalis.ch\/de\/?s={search_term_string}\"},\"query-input\":{\"@type\":\"PropertyValueSpecification\",\"valueRequired\":true,\"valueName\":\"search_term_string\"}}],\"inLanguage\":\"de\"},{\"@type\":\"Organization\",\"@id\":\"https:\/\/www.medicalis.ch\/de\/#organization\",\"name\":\"Medicalis\",\"url\":\"https:\/\/www.medicalis.ch\/de\/\",\"logo\":{\"@type\":\"ImageObject\",\"inLanguage\":\"de\",\"@id\":\"https:\/\/www.medicalis.ch\/de\/#\/schema\/logo\/image\/\",\"url\":\"https:\/\/www.medicalis.ch\/wp-content\/uploads\/2022\/12\/Medicalis_logotype_RVB_217x68.png\",\"contentUrl\":\"https:\/\/www.medicalis.ch\/wp-content\/uploads\/2022\/12\/Medicalis_logotype_RVB_217x68.png\",\"width\":217,\"height\":68,\"caption\":\"Medicalis\"},\"image\":{\"@id\":\"https:\/\/www.medicalis.ch\/de\/#\/schema\/logo\/image\/\"},\"sameAs\":[\"https:\/\/www.facebook.com\/Medicalis-1737325559702106\/\",\"https:\/\/www.linkedin.com\/company\/19057976\/\"]}]}<\/script>\n<!-- \/ Yoast SEO plugin. -->","yoast_head_json":{"title":"Gesamtarbeitsvertrag - Medicalis","robots":{"index":"index","follow":"follow","max-snippet":"max-snippet:-1","max-image-preview":"max-image-preview:large","max-video-preview":"max-video-preview:-1"},"canonical":"https:\/\/www.interima.ch\/de\/gesamtarbeitsvertrag\/","og_locale":"de_DE","og_type":"article","og_title":"Gesamtarbeitsvertrag - Medicalis","og_description":"[...]Weiterlesen... from Gesamtarbeitsvertrag","og_url":"https:\/\/www.interima.ch\/de\/gesamtarbeitsvertrag\/","og_site_name":"Medicalis","article_publisher":"https:\/\/www.facebook.com\/Medicalis-1737325559702106\/","article_modified_time":"2023-02-28T13:05:43+00:00","og_image":[{"width":520,"height":270,"url":"https:\/\/www.medicalis.ch\/wp-content\/uploads\/2022\/06\/MEDICALIS_Logo_CMJN.jpg","type":"image\/jpeg"}],"twitter_card":"summary_large_image","twitter_misc":{"Gesch\u00e4tzte Lesezeit":"1\u00a0Minute"},"schema":{"@context":"https:\/\/schema.org","@graph":[{"@type":"WebPage","@id":"https:\/\/www.medicalis.ch\/de\/gesamtarbeitsvertrag\/","url":"https:\/\/www.interima.ch\/de\/gesamtarbeitsvertrag\/","name":"Gesamtarbeitsvertrag - Medicalis","isPartOf":{"@id":"https:\/\/www.medicalis.ch\/de\/#website"},"datePublished":"2022-04-28T14:06:29+00:00","dateModified":"2023-02-28T13:05:43+00:00","breadcrumb":{"@id":"https:\/\/www.interima.ch\/de\/gesamtarbeitsvertrag\/#breadcrumb"},"inLanguage":"de","potentialAction":[{"@type":"ReadAction","target":["https:\/\/www.interima.ch\/de\/gesamtarbeitsvertrag\/"]}]},{"@type":"BreadcrumbList","@id":"https:\/\/www.interima.ch\/de\/gesamtarbeitsvertrag\/#breadcrumb","itemListElement":[{"@type":"ListItem","position":1,"name":"Accueil","item":"https:\/\/www.medicalis.ch\/de\/"},{"@type":"ListItem","position":2,"name":"Gesamtarbeitsvertrag"}]},{"@type":"WebSite","@id":"https:\/\/www.medicalis.ch\/de\/#website","url":"https:\/\/www.medicalis.ch\/de\/","name":"Medicalis","description":"","publisher":{"@id":"https:\/\/www.medicalis.ch\/de\/#organization"},"potentialAction":[{"@type":"SearchAction","target":{"@type":"EntryPoint","urlTemplate":"https:\/\/www.medicalis.ch\/de\/?s={search_term_string}"},"query-input":{"@type":"PropertyValueSpecification","valueRequired":true,"valueName":"search_term_string"}}],"inLanguage":"de"},{"@type":"Organization","@id":"https:\/\/www.medicalis.ch\/de\/#organization","name":"Medicalis","url":"https:\/\/www.medicalis.ch\/de\/","logo":{"@type":"ImageObject","inLanguage":"de","@id":"https:\/\/www.medicalis.ch\/de\/#\/schema\/logo\/image\/","url":"https:\/\/www.medicalis.ch\/wp-content\/uploads\/2022\/12\/Medicalis_logotype_RVB_217x68.png","contentUrl":"https:\/\/www.medicalis.ch\/wp-content\/uploads\/2022\/12\/Medicalis_logotype_RVB_217x68.png","width":217,"height":68,"caption":"Medicalis"},"image":{"@id":"https:\/\/www.medicalis.ch\/de\/#\/schema\/logo\/image\/"},"sameAs":["https:\/\/www.facebook.com\/Medicalis-1737325559702106\/","https:\/\/www.linkedin.com\/company\/19057976\/"]}]}},"_links":{"self":[{"href":"https:\/\/www.medicalis.ch\/de\/wp-json\/wp\/v2\/pages\/1246351","targetHints":{"allow":["GET"]}}],"collection":[{"href":"https:\/\/www.medicalis.ch\/de\/wp-json\/wp\/v2\/pages"}],"about":[{"href":"https:\/\/www.medicalis.ch\/de\/wp-json\/wp\/v2\/types\/page"}],"author":[{"embeddable":true,"href":"https:\/\/www.medicalis.ch\/de\/wp-json\/wp\/v2\/users\/1"}],"replies":[{"embeddable":true,"href":"https:\/\/www.medicalis.ch\/de\/wp-json\/wp\/v2\/comments?post=1246351"}],"version-history":[{"count":1,"href":"https:\/\/www.medicalis.ch\/de\/wp-json\/wp\/v2\/pages\/1246351\/revisions"}],"predecessor-version":[{"id":1246353,"href":"https:\/\/www.medicalis.ch\/de\/wp-json\/wp\/v2\/pages\/1246351\/revisions\/1246353"}],"wp:attachment":[{"href":"https:\/\/www.medicalis.ch\/de\/wp-json\/wp\/v2\/media?parent=1246351"}],"curies":[{"name":"wp","href":"https:\/\/api.w.org\/{rel}","templated":true}]}}